{"id":2655,"date":"2024-08-09T12:40:05","date_gmt":"2024-08-09T10:40:05","guid":{"rendered":"https:\/\/www.museeduvin-valais.ch\/produit\/vigne-et-nature-en-valais-entre-les-lignes-de-la-culture\/"},"modified":"2025-12-16T00:46:55","modified_gmt":"2025-12-15T23:46:55","slug":"vigne-et-nature-en-valais-entre-les-lignes-de-la-culture","status":"publish","type":"product","link":"https:\/\/www.museeduvin-valais.ch\/en\/produit\/vigne-et-nature-en-valais-entre-les-lignes-de-la-culture\/","title":{"rendered":"Vigne et Nature en Valais : entre les lignes de la culture"},"content":{"rendered":"<p>Inqui\u00e9tudes li\u00e9es au r\u00e9chauffement climatique, m\u00e9fiance envers les traitements chimiques, boom des vins \u00ab bio \u00bb &#8230; Plus que jamais, les pr\u00e9occupations \u00e9cologiques sont au c\u0153ur de la viticulture et des attentes des consommateurs. Mais au fond, qu\u2019est-ce qui se joue dans cette relation entre vigne et nature ? En quoi une vigne est-elle encore naturelle ? Comment et jusqu\u2019o\u00f9 r\u00e9int\u00e9grer la nature dans le vignoble ? Cet ouvrage pr\u00e9sente un faisceau de connaissances et de points de vue sur le sujet, \u00e0 l\u2019\u00e9chelle du Valais, r\u00e9gion viticole la plus importante de Suisse. Dix-sept scientifiques se penchent sur l\u2019\u00e9volution des donn\u00e9es climatiques, la vie de la flore et de la faune, l\u2019influence des sols et des roches. Ils s\u2019int\u00e9ressent au r\u00f4le de la politique agricole, \u00e0 l\u2019histoire de la production int\u00e9gr\u00e9e, aux d\u00e9fis de la culture biologique, au mouvement de la biodynamie comme \u00e0 l\u2019\u00e9mergence des c\u00e9pages hybrides. Un \u00e9clairage interdisciplinaire complet et actuel, qui raconte la nature de la vigne \u00ab entre les lignes de la culture \u00bb.<\/p>\n<p>Direction : Anne-Dominique Zufferey-P\u00e9risset<\/p>\n<p>Auteurs : Christian Blaser, Sabine Carruzzo-Frey, Muriel Constantin Pitteloud, Delphine Debons, Pierre Dubuis, St\u00e9phane Emery, Jean-Michel Fallot, Jean-Michel Gobat, Alexandre Grandjean, M\u00e9lanie Hugon-Duc, France Massy, Peter Oggier, Emmanuel Reynard, Antoine Sierro, Jean-Laurent Spring, Jos\u00e9 Vouillamoz, Vivian Zufferey<\/p>\n<p>Parution : 2020<br \/>\n\u00c9diteurs : Infolio \u00e9ditions, Mus\u00e9e du Vin<br \/>\nFormat : 23 x 28 cm \/ 288 pages<\/p>\n","protected":false},"excerpt":{"rendered":"<p>Inqui\u00e9tudes li\u00e9es au r\u00e9chauffement climatique, m\u00e9fiance envers les traitements chimiques, boom des vins \u00ab bio \u00bb &#8230; Plus que jamais, les pr\u00e9occupations \u00e9cologiques sont au c\u0153ur de la viticulture et des attentes des consommateurs. Mais au fond, qu\u2019est-ce qui se joue dans cette relation entre vigne et nature ? En quoi une vigne est-elle encore [&hellip;]<\/p>\n","protected":false},"featured_media":1601,"template":"","meta":{"_acf_changed":false},"product_brand":[],"product_cat":[44],"product_tag":[],"class_list":{"0":"post-2655","1":"product","2":"type-product","3":"status-publish","4":"has-post-thumbnail","6":"product_cat-uncategorized","8":"first","9":"instock","10":"taxable","11":"shipping-taxable","12":"purchasable","13":"product-type-simple"},"acf":[],"yoast_head":"<!-- This site is optimized with the Yoast SEO plugin v27.5 - https:\/\/yoast.com\/product\/yoast-seo-wordpress\/ -->\n<title>Vigne et Nature en Valais : entre les lignes de la culture - Valais Vine and Wine Museum<\/title>\n<meta name=\"robots\" content=\"index, follow, max-snippet:-1, max-image-preview:large, max-video-preview:-1\" \/>\n<link rel=\"canonical\" href=\"https:\/\/www.museeduvin-valais.ch\/en\/produit\/vigne-et-nature-en-valais-entre-les-lignes-de-la-culture\/\" \/>\n<meta property=\"og:locale\" content=\"en_US\" \/>\n<meta property=\"og:type\" content=\"article\" \/>\n<meta property=\"og:title\" content=\"Vigne et Nature en Valais : entre les lignes de la culture - Valais Vine and Wine Museum\" \/>\n<meta property=\"og:description\" content=\"Inqui\u00e9tudes li\u00e9es au r\u00e9chauffement climatique, m\u00e9fiance envers les traitements chimiques, boom des vins \u00ab bio \u00bb &#8230; Plus que jamais, les pr\u00e9occupations \u00e9cologiques sont au c\u0153ur de la viticulture et des attentes des consommateurs. Mais au fond, qu\u2019est-ce qui se joue dans cette relation entre vigne et nature ? En quoi une vigne est-elle encore [&hellip;]\" \/>\n<meta property=\"og:url\" content=\"https:\/\/www.museeduvin-valais.ch\/en\/produit\/vigne-et-nature-en-valais-entre-les-lignes-de-la-culture\/\" \/>\n<meta property=\"og:site_name\" content=\"Valais Vine and Wine Museum\" \/>\n<meta property=\"article:publisher\" content=\"https:\/\/www.facebook.com\/museeduvin.weinmuseum\" \/>\n<meta property=\"article:modified_time\" content=\"2025-12-15T23:46:55+00:00\" \/>\n<meta property=\"og:image\" content=\"https:\/\/www.museeduvin-valais.ch\/wp-content\/uploads\/2024\/08\/musee-du-vin-3_vigneetnature-1.webp\" \/>\n\t<meta property=\"og:image:width\" content=\"821\" \/>\n\t<meta property=\"og:image:height\" content=\"1000\" \/>\n\t<meta property=\"og:image:type\" content=\"image\/webp\" \/>\n<meta name=\"twitter:card\" content=\"summary_large_image\" \/>\n<meta name=\"twitter:label1\" content=\"Est. reading time\" \/>\n\t<meta name=\"twitter:data1\" content=\"1 minute\" \/>\n<script type=\"application\/ld+json\" class=\"yoast-schema-graph\">{\"@context\":\"https:\\\/\\\/schema.org\",\"@graph\":[{\"@type\":\"WebPage\",\"@id\":\"https:\\\/\\\/www.museeduvin-valais.ch\\\/en\\\/produit\\\/vigne-et-nature-en-valais-entre-les-lignes-de-la-culture\\\/\",\"url\":\"https:\\\/\\\/www.museeduvin-valais.ch\\\/en\\\/produit\\\/vigne-et-nature-en-valais-entre-les-lignes-de-la-culture\\\/\",\"name\":\"Vigne et Nature en Valais : entre les lignes de la culture - Valais Vine and Wine Museum\",\"isPartOf\":{\"@id\":\"https:\\\/\\\/www.museeduvin-valais.ch\\\/en\\\/#website\"},\"primaryImageOfPage\":{\"@id\":\"https:\\\/\\\/www.museeduvin-valais.ch\\\/en\\\/produit\\\/vigne-et-nature-en-valais-entre-les-lignes-de-la-culture\\\/#primaryimage\"},\"image\":{\"@id\":\"https:\\\/\\\/www.museeduvin-valais.ch\\\/en\\\/produit\\\/vigne-et-nature-en-valais-entre-les-lignes-de-la-culture\\\/#primaryimage\"},\"thumbnailUrl\":\"https:\\\/\\\/www.museeduvin-valais.ch\\\/wp-content\\\/uploads\\\/2024\\\/08\\\/musee-du-vin-3_vigneetnature-1.webp\",\"datePublished\":\"2024-08-09T10:40:05+00:00\",\"dateModified\":\"2025-12-15T23:46:55+00:00\",\"breadcrumb\":{\"@id\":\"https:\\\/\\\/www.museeduvin-valais.ch\\\/en\\\/produit\\\/vigne-et-nature-en-valais-entre-les-lignes-de-la-culture\\\/#breadcrumb\"},\"inLanguage\":\"en-US\",\"potentialAction\":[{\"@type\":\"ReadAction\",\"target\":[\"https:\\\/\\\/www.museeduvin-valais.ch\\\/en\\\/produit\\\/vigne-et-nature-en-valais-entre-les-lignes-de-la-culture\\\/\"]}]},{\"@type\":\"ImageObject\",\"inLanguage\":\"en-US\",\"@id\":\"https:\\\/\\\/www.museeduvin-valais.ch\\\/en\\\/produit\\\/vigne-et-nature-en-valais-entre-les-lignes-de-la-culture\\\/#primaryimage\",\"url\":\"https:\\\/\\\/www.museeduvin-valais.ch\\\/wp-content\\\/uploads\\\/2024\\\/08\\\/musee-du-vin-3_vigneetnature-1.webp\",\"contentUrl\":\"https:\\\/\\\/www.museeduvin-valais.ch\\\/wp-content\\\/uploads\\\/2024\\\/08\\\/musee-du-vin-3_vigneetnature-1.webp\",\"width\":821,\"height\":1000},{\"@type\":\"BreadcrumbList\",\"@id\":\"https:\\\/\\\/www.museeduvin-valais.ch\\\/en\\\/produit\\\/vigne-et-nature-en-valais-entre-les-lignes-de-la-culture\\\/#breadcrumb\",\"itemListElement\":[{\"@type\":\"ListItem\",\"position\":1,\"name\":\"Accueil\",\"item\":\"https:\\\/\\\/www.museeduvin-valais.ch\\\/en\\\/\"},{\"@type\":\"ListItem\",\"position\":2,\"name\":\"Shop\",\"item\":\"https:\\\/\\\/www.museeduvin-valais.ch\\\/en\\\/shop\\\/\"},{\"@type\":\"ListItem\",\"position\":3,\"name\":\"Vigne et Nature en Valais : entre les lignes de la culture\"}]},{\"@type\":\"WebSite\",\"@id\":\"https:\\\/\\\/www.museeduvin-valais.ch\\\/en\\\/#website\",\"url\":\"https:\\\/\\\/www.museeduvin-valais.ch\\\/en\\\/\",\"name\":\"Mus\u00e9e Valaisan de la vigne et du vin\",\"description\":\"\",\"publisher\":{\"@id\":\"https:\\\/\\\/www.museeduvin-valais.ch\\\/en\\\/#organization\"},\"alternateName\":\"Mus\u00e9e du vin\",\"potentialAction\":[{\"@type\":\"SearchAction\",\"target\":{\"@type\":\"EntryPoint\",\"urlTemplate\":\"https:\\\/\\\/www.museeduvin-valais.ch\\\/en\\\/?s={search_term_string}\"},\"query-input\":{\"@type\":\"PropertyValueSpecification\",\"valueRequired\":true,\"valueName\":\"search_term_string\"}}],\"inLanguage\":\"en-US\"},{\"@type\":\"Organization\",\"@id\":\"https:\\\/\\\/www.museeduvin-valais.ch\\\/en\\\/#organization\",\"name\":\"Mus\u00e9e Valaisan de la vigne et du vin\",\"url\":\"https:\\\/\\\/www.museeduvin-valais.ch\\\/en\\\/\",\"logo\":{\"@type\":\"ImageObject\",\"inLanguage\":\"en-US\",\"@id\":\"https:\\\/\\\/www.museeduvin-valais.ch\\\/en\\\/#\\\/schema\\\/logo\\\/image\\\/\",\"url\":\"https:\\\/\\\/www.museeduvin-valais.ch\\\/wp-content\\\/uploads\\\/2024\\\/11\\\/logo-mb.svg\",\"contentUrl\":\"https:\\\/\\\/www.museeduvin-valais.ch\\\/wp-content\\\/uploads\\\/2024\\\/11\\\/logo-mb.svg\",\"width\":1,\"height\":1,\"caption\":\"Mus\u00e9e Valaisan de la vigne et du vin\"},\"image\":{\"@id\":\"https:\\\/\\\/www.museeduvin-valais.ch\\\/en\\\/#\\\/schema\\\/logo\\\/image\\\/\"},\"sameAs\":[\"https:\\\/\\\/www.facebook.com\\\/museeduvin.weinmuseum\",\"https:\\\/\\\/www.instagram.com\\\/museeduvinvalais\"]}]}<\/script>\n<!-- \/ Yoast SEO plugin. -->","yoast_head_json":{"title":"Vigne et Nature en Valais : entre les lignes de la culture - Valais Vine and Wine Museum","robots":{"index":"index","follow":"follow","max-snippet":"max-snippet:-1","max-image-preview":"max-image-preview:large","max-video-preview":"max-video-preview:-1"},"canonical":"https:\/\/www.museeduvin-valais.ch\/en\/produit\/vigne-et-nature-en-valais-entre-les-lignes-de-la-culture\/","og_locale":"en_US","og_type":"article","og_title":"Vigne et Nature en Valais : entre les lignes de la culture - Valais Vine and Wine Museum","og_description":"Inqui\u00e9tudes li\u00e9es au r\u00e9chauffement climatique, m\u00e9fiance envers les traitements chimiques, boom des vins \u00ab bio \u00bb &#8230; Plus que jamais, les pr\u00e9occupations \u00e9cologiques sont au c\u0153ur de la viticulture et des attentes des consommateurs. Mais au fond, qu\u2019est-ce qui se joue dans cette relation entre vigne et nature ? En quoi une vigne est-elle encore [&hellip;]","og_url":"https:\/\/www.museeduvin-valais.ch\/en\/produit\/vigne-et-nature-en-valais-entre-les-lignes-de-la-culture\/","og_site_name":"Valais Vine and Wine Museum","article_publisher":"https:\/\/www.facebook.com\/museeduvin.weinmuseum","article_modified_time":"2025-12-15T23:46:55+00:00","og_image":[{"width":821,"height":1000,"url":"https:\/\/www.museeduvin-valais.ch\/wp-content\/uploads\/2024\/08\/musee-du-vin-3_vigneetnature-1.webp","type":"image\/webp"}],"twitter_card":"summary_large_image","twitter_misc":{"Est. reading time":"1 minute"},"schema":{"@context":"https:\/\/schema.org","@graph":[{"@type":"WebPage","@id":"https:\/\/www.museeduvin-valais.ch\/en\/produit\/vigne-et-nature-en-valais-entre-les-lignes-de-la-culture\/","url":"https:\/\/www.museeduvin-valais.ch\/en\/produit\/vigne-et-nature-en-valais-entre-les-lignes-de-la-culture\/","name":"Vigne et Nature en Valais : entre les lignes de la culture - Valais Vine and Wine Museum","isPartOf":{"@id":"https:\/\/www.museeduvin-valais.ch\/en\/#website"},"primaryImageOfPage":{"@id":"https:\/\/www.museeduvin-valais.ch\/en\/produit\/vigne-et-nature-en-valais-entre-les-lignes-de-la-culture\/#primaryimage"},"image":{"@id":"https:\/\/www.museeduvin-valais.ch\/en\/produit\/vigne-et-nature-en-valais-entre-les-lignes-de-la-culture\/#primaryimage"},"thumbnailUrl":"https:\/\/www.museeduvin-valais.ch\/wp-content\/uploads\/2024\/08\/musee-du-vin-3_vigneetnature-1.webp","datePublished":"2024-08-09T10:40:05+00:00","dateModified":"2025-12-15T23:46:55+00:00","breadcrumb":{"@id":"https:\/\/www.museeduvin-valais.ch\/en\/produit\/vigne-et-nature-en-valais-entre-les-lignes-de-la-culture\/#breadcrumb"},"inLanguage":"en-US","potentialAction":[{"@type":"ReadAction","target":["https:\/\/www.museeduvin-valais.ch\/en\/produit\/vigne-et-nature-en-valais-entre-les-lignes-de-la-culture\/"]}]},{"@type":"ImageObject","inLanguage":"en-US","@id":"https:\/\/www.museeduvin-valais.ch\/en\/produit\/vigne-et-nature-en-valais-entre-les-lignes-de-la-culture\/#primaryimage","url":"https:\/\/www.museeduvin-valais.ch\/wp-content\/uploads\/2024\/08\/musee-du-vin-3_vigneetnature-1.webp","contentUrl":"https:\/\/www.museeduvin-valais.ch\/wp-content\/uploads\/2024\/08\/musee-du-vin-3_vigneetnature-1.webp","width":821,"height":1000},{"@type":"BreadcrumbList","@id":"https:\/\/www.museeduvin-valais.ch\/en\/produit\/vigne-et-nature-en-valais-entre-les-lignes-de-la-culture\/#breadcrumb","itemListElement":[{"@type":"ListItem","position":1,"name":"Accueil","item":"https:\/\/www.museeduvin-valais.ch\/en\/"},{"@type":"ListItem","position":2,"name":"Shop","item":"https:\/\/www.museeduvin-valais.ch\/en\/shop\/"},{"@type":"ListItem","position":3,"name":"Vigne et Nature en Valais : entre les lignes de la culture"}]},{"@type":"WebSite","@id":"https:\/\/www.museeduvin-valais.ch\/en\/#website","url":"https:\/\/www.museeduvin-valais.ch\/en\/","name":"Mus\u00e9e Valaisan de la vigne et du vin","description":"","publisher":{"@id":"https:\/\/www.museeduvin-valais.ch\/en\/#organization"},"alternateName":"Mus\u00e9e du vin","potentialAction":[{"@type":"SearchAction","target":{"@type":"EntryPoint","urlTemplate":"https:\/\/www.museeduvin-valais.ch\/en\/?s={search_term_string}"},"query-input":{"@type":"PropertyValueSpecification","valueRequired":true,"valueName":"search_term_string"}}],"inLanguage":"en-US"},{"@type":"Organization","@id":"https:\/\/www.museeduvin-valais.ch\/en\/#organization","name":"Mus\u00e9e Valaisan de la vigne et du vin","url":"https:\/\/www.museeduvin-valais.ch\/en\/","logo":{"@type":"ImageObject","inLanguage":"en-US","@id":"https:\/\/www.museeduvin-valais.ch\/en\/#\/schema\/logo\/image\/","url":"https:\/\/www.museeduvin-valais.ch\/wp-content\/uploads\/2024\/11\/logo-mb.svg","contentUrl":"https:\/\/www.museeduvin-valais.ch\/wp-content\/uploads\/2024\/11\/logo-mb.svg","width":1,"height":1,"caption":"Mus\u00e9e Valaisan de la vigne et du vin"},"image":{"@id":"https:\/\/www.museeduvin-valais.ch\/en\/#\/schema\/logo\/image\/"},"sameAs":["https:\/\/www.facebook.com\/museeduvin.weinmuseum","https:\/\/www.instagram.com\/museeduvinvalais"]}]}},"_links":{"self":[{"href":"https:\/\/www.museeduvin-valais.ch\/en\/wp-json\/wp\/v2\/product\/2655","targetHints":{"allow":["GET"]}}],"collection":[{"href":"https:\/\/www.museeduvin-valais.ch\/en\/wp-json\/wp\/v2\/product"}],"about":[{"href":"https:\/\/www.museeduvin-valais.ch\/en\/wp-json\/wp\/v2\/types\/product"}],"wp:featuredmedia":[{"embeddable":true,"href":"https:\/\/www.museeduvin-valais.ch\/en\/wp-json\/wp\/v2\/media\/1601"}],"wp:attachment":[{"href":"https:\/\/www.museeduvin-valais.ch\/en\/wp-json\/wp\/v2\/media?parent=2655"}],"wp:term":[{"taxonomy":"product_brand","embeddable":true,"href":"https:\/\/www.museeduvin-valais.ch\/en\/wp-json\/wp\/v2\/product_brand?post=2655"},{"taxonomy":"product_cat","embeddable":true,"href":"https:\/\/www.museeduvin-valais.ch\/en\/wp-json\/wp\/v2\/product_cat?post=2655"},{"taxonomy":"product_tag","embeddable":true,"href":"https:\/\/www.museeduvin-valais.ch\/en\/wp-json\/wp\/v2\/product_tag?post=2655"}],"curies":[{"name":"wp","href":"https:\/\/api.w.org\/{rel}","templated":true}]}}